{"id":26334,"date":"2024-03-27T20:01:44","date_gmt":"2024-03-27T19:01:44","guid":{"rendered":"https:\/\/cnbadalona.cat\/noticies\/"},"modified":"2025-03-27T13:45:25","modified_gmt":"2025-03-27T12:45:25","slug":"noticias","status":"publish","type":"page","link":"https:\/\/cnbadalona.cat\/es\/noticias\/","title":{"rendered":"Noticias"},"content":{"rendered":"\t\t<div data-elementor-type=\"wp-page\" data-elementor-id=\"26334\" class=\"elementor elementor-26334 elementor-18203\" data-elementor-post-type=\"page\">\n\t\t\t\t\t\t<section data-particle_enable=\"false\" data-particle-mobile-disabled=\"false\" class=\"elementor-section elementor-top-section elementor-element elementor-element-1c07cab elementor-section-height-min-height elementor-section-items-stretch elementor-section-full_width elementor-section-height-default\" data-id=\"1c07cab\" data-element_type=\"section\" data-e-type=\"section\" data-settings=\"{&quot;background_background&quot;:&quot;classic&quot;}\">\n\t\t\t\t\t\t<div class=\"elementor-container elementor-column-gap-default\">\n\t\t\t\t\t<div class=\"elementor-column elementor-col-100 elementor-top-column elementor-element elementor-element-9ef4e5f\" data-id=\"9ef4e5f\" data-element_type=\"column\" data-e-type=\"column\">\n\t\t\t<div class=\"elementor-widget-wrap elementor-element-populated\">\n\t\t\t\t\t\t<div class=\"elementor-element elementor-element-5949e1b elementor-widget elementor-widget-text-editor\" data-id=\"5949e1b\" data-element_type=\"widget\" data-e-type=\"widget\" data-widget_type=\"text-editor.default\">\n\t\t\t\t<div class=\"elementor-widget-container\">\n\t\t\t\t\t\t\t\t\t<b>CN<\/b>Badalona\t\t\t\t\t\t\t\t<\/div>\n\t\t\t\t<\/div>\n\t\t\t\t<div class=\"elementor-element elementor-element-6df5995 elementor-widget elementor-widget-heading\" data-id=\"6df5995\" data-element_type=\"widget\" data-e-type=\"widget\" data-widget_type=\"heading.default\">\n\t\t\t\t<div class=\"elementor-widget-container\">\n\t\t\t\t\t<h1 class=\"elementor-heading-title elementor-size-default\">Noticias<\/h1>\t\t\t\t<\/div>\n\t\t\t\t<\/div>\n\t\t\t\t\t<\/div>\n\t\t<\/div>\n\t\t\t\t\t<\/div>\n\t\t<\/section>\n\t\t\t\t<section data-particle_enable=\"false\" data-particle-mobile-disabled=\"false\" class=\"elementor-section elementor-top-section elementor-element elementor-element-9cf307b elementor-section-full_width elementor-section-stretched elementor-section-height-default elementor-section-height-default\" data-id=\"9cf307b\" data-element_type=\"section\" data-e-type=\"section\" data-settings=\"{&quot;stretch_section&quot;:&quot;section-stretched&quot;}\">\n\t\t\t\t\t\t<div class=\"elementor-container elementor-column-gap-default\">\n\t\t\t\t\t<div class=\"elementor-column elementor-col-50 elementor-top-column elementor-element elementor-element-637e02d\" data-id=\"637e02d\" data-element_type=\"column\" data-e-type=\"column\">\n\t\t\t<div class=\"elementor-widget-wrap elementor-element-populated\">\n\t\t\t\t\t\t<div class=\"elementor-element elementor-element-f4521fd elementor-grid-eael-col-3 elementor-grid-tablet-eael-col-2 elementor-grid-mobile-eael-col-1 elementor-widget elementor-widget-eael-post-grid\" data-id=\"f4521fd\" data-element_type=\"widget\" data-e-type=\"widget\" data-settings=\"{&quot;eael_post_grid_columns&quot;:&quot;eael-col-3&quot;,&quot;eael_post_grid_columns_tablet&quot;:&quot;eael-col-2&quot;,&quot;eael_post_grid_columns_mobile&quot;:&quot;eael-col-1&quot;}\" data-widget_type=\"eael-post-grid.default\">\n\t\t\t\t<div class=\"elementor-widget-container\">\n\t\t\t\t\t<div id=\"eael-post-grid-f4521fd\" class=\"eael-post-grid-container\">\n            <div class=\"eael-post-grid eael-post-appender eael-post-appender-f4521fd eael-post-grid-style-one\" data-layout-mode=\"grid\"><article class=\"eael-grid-post  eael-post-grid-column eael-pg-post-28562 category-aigues-obertes-es-serveis-esport-es-masters-natacio-es-natacio-es-noticies-es-noticies-portada-es\" data-id=\"28562\">\n        <div class=\"eael-grid-post-holder\">\n            <div class=\"eael-grid-post-holder-inner\"><div class=\"eael-entry-media\"><div class=\"eael-entry-overlay fade-in\"><i class=\"far fa-arrow-alt-circle-right\" aria-hidden=\"true\"><\/i><a href=\"https:\/\/cnbadalona.cat\/es\/2026\/03\/31\/sentit-condol-per-la-perdua-de-boris-pallares-pelayo-natacio-cat\/\"><\/a><\/div><div class=\"eael-entry-thumbnail eael-image-ratio\">\n                <img fetchpriority=\"high\" decoding=\"async\" width=\"1024\" height=\"683\" src=\"https:\/\/cnbadalona.cat\/wp-content\/uploads\/2026\/03\/Boris-Pallares-1024x683.jpg\" class=\"attachment-large size-large wp-image-28558\" alt=\"\" srcset=\"https:\/\/cnbadalona.cat\/wp-content\/uploads\/2026\/03\/Boris-Pallares-1024x683.jpg 1024w, https:\/\/cnbadalona.cat\/wp-content\/uploads\/2026\/03\/Boris-Pallares-300x200.jpg 300w, https:\/\/cnbadalona.cat\/wp-content\/uploads\/2026\/03\/Boris-Pallares-768x512.jpg 768w, https:\/\/cnbadalona.cat\/wp-content\/uploads\/2026\/03\/Boris-Pallares.jpg 1200w\" sizes=\"(max-width: 1024px) 100vw, 1024px\" \/>\n            <\/div>\n        <\/div><div class=\"eael-entry-wrapper\"><header class=\"eael-entry-header\"><p class=\"eael-entry-title\"><a class=\"eael-grid-post-link\" href=\"https:\/\/cnbadalona.cat\/es\/2026\/03\/31\/sentit-condol-per-la-perdua-de-boris-pallares-pelayo-natacio-cat\/\" title=\"Sentido p\u00e9same por la p\u00e9rdida de Boris Pallar\u00e8s Pelayo\">Sentido p\u00e9same por la p\u00e9rdida de Boris Pallar\u00e8s Pelayo<\/a><\/p><\/header><div class=\"eael-entry-content\">\n                        <div class=\"eael-grid-post-excerpt\"><p>El Club Nataci\u00f3 Badalona y el mundo de la nataci\u00f3n en general han recibido con una profunda tristeza la noticia de...<\/p><\/div>\n                    <\/div><\/div><\/div>\n        <\/div>\n    <\/article><article class=\"eael-grid-post  eael-post-grid-column eael-pg-post-28519 category-esdeveniments-es-noticies-es-noticies-portada-es\" data-id=\"28519\">\n        <div class=\"eael-grid-post-holder\">\n            <div class=\"eael-grid-post-holder-inner\"><div class=\"eael-entry-media\"><div class=\"eael-entry-overlay fade-in\"><i class=\"far fa-arrow-alt-circle-right\" aria-hidden=\"true\"><\/i><a href=\"https:\/\/cnbadalona.cat\/es\/2026\/03\/25\/eleccions-cnb-2026-un-dia-de-club\/\"><\/a><\/div><div class=\"eael-entry-thumbnail eael-image-ratio\">\n                <img decoding=\"async\" width=\"924\" height=\"764\" src=\"https:\/\/cnbadalona.cat\/wp-content\/uploads\/2026\/03\/elecc-6.jpg\" class=\"attachment-large size-large wp-image-28501\" alt=\"\" srcset=\"https:\/\/cnbadalona.cat\/wp-content\/uploads\/2026\/03\/elecc-6.jpg 924w, https:\/\/cnbadalona.cat\/wp-content\/uploads\/2026\/03\/elecc-6-300x248.jpg 300w, https:\/\/cnbadalona.cat\/wp-content\/uploads\/2026\/03\/elecc-6-768x635.jpg 768w\" sizes=\"(max-width: 924px) 100vw, 924px\" \/>\n            <\/div>\n        <\/div><div class=\"eael-entry-wrapper\"><header class=\"eael-entry-header\"><p class=\"eael-entry-title\"><a class=\"eael-grid-post-link\" href=\"https:\/\/cnbadalona.cat\/es\/2026\/03\/25\/eleccions-cnb-2026-un-dia-de-club\/\" title=\"ELECCIONES CNB 2026: UN D\u00cdA DE CLUB\">ELECCIONES CNB 2026: UN D\u00cdA DE CLUB<\/a><\/p><\/header><div class=\"eael-entry-content\">\n                        <div class=\"eael-grid-post-excerpt\"><p>La candidatura de Marc Estruch Vivan se proclama vencedora con un 80% de los votos.Felicitamos al presidente escogido, a las dos...<\/p><\/div>\n                    <\/div><\/div><\/div>\n        <\/div>\n    <\/article><article class=\"eael-grid-post  eael-post-grid-column eael-pg-post-28380 category-actes-esportius-es-escola-de-vela-es-serveis-esport-es-noticies-es-noticies-portada-es-pati-de-vela-es-pati-de-vela-junior-es\" data-id=\"28380\">\n        <div class=\"eael-grid-post-holder\">\n            <div class=\"eael-grid-post-holder-inner\"><div class=\"eael-entry-media\"><div class=\"eael-entry-overlay fade-in\"><i class=\"far fa-arrow-alt-circle-right\" aria-hidden=\"true\"><\/i><a href=\"https:\/\/cnbadalona.cat\/es\/2026\/03\/06\/gp-badalona-de-pati-de-vela\/\"><\/a><\/div><div class=\"eael-entry-thumbnail eael-image-ratio\">\n                <img decoding=\"async\" width=\"1024\" height=\"684\" src=\"https:\/\/cnbadalona.cat\/wp-content\/uploads\/2026\/03\/GP-Badalona-Pati-de-vela-2-1024x684.jpg\" class=\"attachment-large size-large wp-image-28377\" alt=\"\" srcset=\"https:\/\/cnbadalona.cat\/wp-content\/uploads\/2026\/03\/GP-Badalona-Pati-de-vela-2-1024x684.jpg 1024w, https:\/\/cnbadalona.cat\/wp-content\/uploads\/2026\/03\/GP-Badalona-Pati-de-vela-2-300x201.jpg 300w, https:\/\/cnbadalona.cat\/wp-content\/uploads\/2026\/03\/GP-Badalona-Pati-de-vela-2-768x513.jpg 768w, https:\/\/cnbadalona.cat\/wp-content\/uploads\/2026\/03\/GP-Badalona-Pati-de-vela-2.jpg 1200w\" sizes=\"(max-width: 1024px) 100vw, 1024px\" \/>\n            <\/div>\n        <\/div><div class=\"eael-entry-wrapper\"><header class=\"eael-entry-header\"><p class=\"eael-entry-title\"><a class=\"eael-grid-post-link\" href=\"https:\/\/cnbadalona.cat\/es\/2026\/03\/06\/gp-badalona-de-pati-de-vela\/\" title=\"GP Badalona de Pat\u00ed de Vela\">GP Badalona de Pat\u00ed de Vela<\/a><\/p><\/header><div class=\"eael-entry-content\">\n                        <div class=\"eael-grid-post-excerpt\"><p>51 patinaires inscrits, tot un \u00e8xit per a una regata tan primerenca en l\u2019any. Molts venien l\u00f2gicament del nostre Club, per\u00f2...<\/p><\/div>\n                    <\/div><\/div><\/div>\n        <\/div>\n    <\/article><article class=\"eael-grid-post  eael-post-grid-column eael-pg-post-28305 category-serveis-activitats-es-esdeveniments-es-noticies-es-noticies-portada-es-socials-es\" data-id=\"28305\">\n        <div class=\"eael-grid-post-holder\">\n            <div class=\"eael-grid-post-holder-inner\"><div class=\"eael-entry-media\"><div class=\"eael-entry-overlay fade-in\"><i class=\"far fa-arrow-alt-circle-right\" aria-hidden=\"true\"><\/i><a href=\"https:\/\/cnbadalona.cat\/es\/2026\/02\/24\/carnestoltes-2026\/\"><\/a><\/div><div class=\"eael-entry-thumbnail eael-image-ratio\">\n                <img loading=\"lazy\" decoding=\"async\" width=\"900\" height=\"678\" src=\"https:\/\/cnbadalona.cat\/wp-content\/uploads\/2026\/02\/WhatsApp-Image-2026-02-21-at-19.14.09-3.jpg\" class=\"attachment-large size-large wp-image-28281\" alt=\"\" srcset=\"https:\/\/cnbadalona.cat\/wp-content\/uploads\/2026\/02\/WhatsApp-Image-2026-02-21-at-19.14.09-3.jpg 900w, https:\/\/cnbadalona.cat\/wp-content\/uploads\/2026\/02\/WhatsApp-Image-2026-02-21-at-19.14.09-3-300x226.jpg 300w, https:\/\/cnbadalona.cat\/wp-content\/uploads\/2026\/02\/WhatsApp-Image-2026-02-21-at-19.14.09-3-768x579.jpg 768w\" sizes=\"(max-width: 900px) 100vw, 900px\" \/>\n            <\/div>\n        <\/div><div class=\"eael-entry-wrapper\"><header class=\"eael-entry-header\"><p class=\"eael-entry-title\"><a class=\"eael-grid-post-link\" href=\"https:\/\/cnbadalona.cat\/es\/2026\/02\/24\/carnestoltes-2026\/\" title=\"Carnestoltes 2026\">Carnestoltes 2026<\/a><\/p><\/header><div class=\"eael-entry-content\">\n                        <div class=\"eael-grid-post-excerpt\"><p>Per Carnestoltes tot d\u00f3na voltes! I al Club no podia ser menys&#8230; En aquest temps tan tradicional, els usuaris de les...<\/p><\/div>\n                    <\/div><\/div><\/div>\n        <\/div>\n    <\/article><article class=\"eael-grid-post  eael-post-grid-column eael-pg-post-28177 category-esdeveniments-es-noticies-es-noticies-portada-es-socials-es\" data-id=\"28177\">\n        <div class=\"eael-grid-post-holder\">\n            <div class=\"eael-grid-post-holder-inner\"><div class=\"eael-entry-media\"><div class=\"eael-entry-overlay fade-in\"><i class=\"far fa-arrow-alt-circle-right\" aria-hidden=\"true\"><\/i><a href=\"https:\/\/cnbadalona.cat\/es\/2026\/02\/09\/banyada-social-2026\/\"><\/a><\/div><div class=\"eael-entry-thumbnail eael-image-ratio\">\n                <img loading=\"lazy\" decoding=\"async\" width=\"1024\" height=\"768\" src=\"https:\/\/cnbadalona.cat\/wp-content\/uploads\/2026\/02\/1000133094-1024x768.jpg\" class=\"attachment-large size-large wp-image-28164\" alt=\"\" srcset=\"https:\/\/cnbadalona.cat\/wp-content\/uploads\/2026\/02\/1000133094-1024x768.jpg 1024w, https:\/\/cnbadalona.cat\/wp-content\/uploads\/2026\/02\/1000133094-300x225.jpg 300w, https:\/\/cnbadalona.cat\/wp-content\/uploads\/2026\/02\/1000133094-768x576.jpg 768w, https:\/\/cnbadalona.cat\/wp-content\/uploads\/2026\/02\/1000133094.jpg 1200w\" sizes=\"(max-width: 1024px) 100vw, 1024px\" \/>\n            <\/div>\n        <\/div><div class=\"eael-entry-wrapper\"><header class=\"eael-entry-header\"><p class=\"eael-entry-title\"><a class=\"eael-grid-post-link\" href=\"https:\/\/cnbadalona.cat\/es\/2026\/02\/09\/banyada-social-2026\/\" title=\"Banyada social 2026.\">Banyada social 2026.<\/a><\/p><\/header><div class=\"eael-entry-content\">\n                        <div class=\"eael-grid-post-excerpt\"><p>A la tercera va la ven\u00e7uda! Finalment, el temps ens don\u00e0 una treva tan necess\u00e0ria com merescuda i m\u00e9s de 60...<\/p><\/div>\n                    <\/div><\/div><\/div>\n        <\/div>\n    <\/article><article class=\"eael-grid-post  eael-post-grid-column eael-pg-post-28102 category-actes-esportius-es-esdeveniments-es-serveis-esport-es-noticies-es-noticies-portada-es-pati-de-vela-es-pati-de-vela-junior-es\" data-id=\"28102\">\n        <div class=\"eael-grid-post-holder\">\n            <div class=\"eael-grid-post-holder-inner\"><div class=\"eael-entry-media\"><div class=\"eael-entry-overlay fade-in\"><i class=\"far fa-arrow-alt-circle-right\" aria-hidden=\"true\"><\/i><a href=\"https:\/\/cnbadalona.cat\/es\/2026\/02\/03\/sopar-de-vela-2026-de-la-seccio-pati-de-vela\/\"><\/a><\/div><div class=\"eael-entry-thumbnail eael-image-ratio\">\n                <img loading=\"lazy\" decoding=\"async\" width=\"1024\" height=\"684\" src=\"https:\/\/cnbadalona.cat\/wp-content\/uploads\/2026\/02\/P1330874-1024x684.jpg\" class=\"attachment-large size-large wp-image-28088\" alt=\"\" srcset=\"https:\/\/cnbadalona.cat\/wp-content\/uploads\/2026\/02\/P1330874-1024x684.jpg 1024w, https:\/\/cnbadalona.cat\/wp-content\/uploads\/2026\/02\/P1330874-300x201.jpg 300w, https:\/\/cnbadalona.cat\/wp-content\/uploads\/2026\/02\/P1330874-768x513.jpg 768w, https:\/\/cnbadalona.cat\/wp-content\/uploads\/2026\/02\/P1330874.jpg 1200w\" sizes=\"(max-width: 1024px) 100vw, 1024px\" \/>\n            <\/div>\n        <\/div><div class=\"eael-entry-wrapper\"><header class=\"eael-entry-header\"><p class=\"eael-entry-title\"><a class=\"eael-grid-post-link\" href=\"https:\/\/cnbadalona.cat\/es\/2026\/02\/03\/sopar-de-vela-2026-de-la-seccio-pati-de-vela\/\" title=\"Cena de Vela 2026 de la secci\u00f3n Pat\u00ed de Vela\">Cena de Vela 2026 de la secci\u00f3n Pat\u00ed de Vela<\/a><\/p><\/header><div class=\"eael-entry-content\">\n                        <div class=\"eael-grid-post-excerpt\"><p>El viernes d\u00eda 30-1 la Secci\u00f3 Pat\u00ed de Vela celebr\u00f3 el tradicional Sopar de Vela en el Club. El Sopar &#8211;...<\/p><\/div>\n                    <\/div><\/div><\/div>\n        <\/div>\n    <\/article><article class=\"eael-grid-post  eael-post-grid-column eael-pg-post-27912 category-serveis-activitats-es-esdeveniments-es-noticies-es-noticies-portada-es-socials-es\" data-id=\"27912\">\n        <div class=\"eael-grid-post-holder\">\n            <div class=\"eael-grid-post-holder-inner\"><div class=\"eael-entry-media\"><div class=\"eael-entry-overlay fade-in\"><i class=\"far fa-arrow-alt-circle-right\" aria-hidden=\"true\"><\/i><a href=\"https:\/\/cnbadalona.cat\/es\/2026\/01\/13\/el-patge-reial-la-visita-mes-esperada\/\"><\/a><\/div><div class=\"eael-entry-thumbnail eael-image-ratio\">\n                <img loading=\"lazy\" decoding=\"async\" width=\"768\" height=\"1024\" src=\"https:\/\/cnbadalona.cat\/wp-content\/uploads\/2026\/01\/CNB-Patge-26-11-768x1024.jpg\" class=\"attachment-large size-large wp-image-27883\" alt=\"\" srcset=\"https:\/\/cnbadalona.cat\/wp-content\/uploads\/2026\/01\/CNB-Patge-26-11-768x1024.jpg 768w, https:\/\/cnbadalona.cat\/wp-content\/uploads\/2026\/01\/CNB-Patge-26-11-225x300.jpg 225w, https:\/\/cnbadalona.cat\/wp-content\/uploads\/2026\/01\/CNB-Patge-26-11.jpg 900w\" sizes=\"(max-width: 768px) 100vw, 768px\" \/>\n            <\/div>\n        <\/div><div class=\"eael-entry-wrapper\"><header class=\"eael-entry-header\"><p class=\"eael-entry-title\"><a class=\"eael-grid-post-link\" href=\"https:\/\/cnbadalona.cat\/es\/2026\/01\/13\/el-patge-reial-la-visita-mes-esperada\/\" title=\"El patge reial: la visita m\u00e9s esperada\">El patge reial: la visita m\u00e9s esperada<\/a><\/p><\/header><div class=\"eael-entry-content\">\n                        <div class=\"eael-grid-post-excerpt\"><p>El dia 3 de gener arrib\u00e0 el Patge reial i el seu grup d\u2019ajudants portant-nos una gran celebraci\u00f3 oberta a la...<\/p><\/div>\n                    <\/div><\/div><\/div>\n        <\/div>\n    <\/article><article class=\"eael-grid-post  eael-post-grid-column eael-pg-post-27819 category-esdeveniments-es-noticies-es-noticies-portada-es-socials-es\" data-id=\"27819\">\n        <div class=\"eael-grid-post-holder\">\n            <div class=\"eael-grid-post-holder-inner\"><div class=\"eael-entry-media\"><div class=\"eael-entry-overlay fade-in\"><i class=\"far fa-arrow-alt-circle-right\" aria-hidden=\"true\"><\/i><a href=\"https:\/\/cnbadalona.cat\/es\/2026\/01\/08\/el-soci-numero-1-visita-el-club-i-dina-al-restaurant-sotavent\/\"><\/a><\/div><div class=\"eael-entry-thumbnail eael-image-ratio\">\n                <img loading=\"lazy\" decoding=\"async\" width=\"1024\" height=\"667\" src=\"https:\/\/cnbadalona.cat\/wp-content\/uploads\/2026\/01\/foto-2-soci-1-1024x667.jpg\" class=\"attachment-large size-large wp-image-27815\" alt=\"\" srcset=\"https:\/\/cnbadalona.cat\/wp-content\/uploads\/2026\/01\/foto-2-soci-1-1024x667.jpg 1024w, https:\/\/cnbadalona.cat\/wp-content\/uploads\/2026\/01\/foto-2-soci-1-300x195.jpg 300w, https:\/\/cnbadalona.cat\/wp-content\/uploads\/2026\/01\/foto-2-soci-1-768x500.jpg 768w, https:\/\/cnbadalona.cat\/wp-content\/uploads\/2026\/01\/foto-2-soci-1.jpg 1173w\" sizes=\"(max-width: 1024px) 100vw, 1024px\" \/>\n            <\/div>\n        <\/div><div class=\"eael-entry-wrapper\"><header class=\"eael-entry-header\"><p class=\"eael-entry-title\"><a class=\"eael-grid-post-link\" href=\"https:\/\/cnbadalona.cat\/es\/2026\/01\/08\/el-soci-numero-1-visita-el-club-i-dina-al-restaurant-sotavent\/\" title=\"El soci n\u00famero 1 visita el club i dina al restaurant Sotavent\">El soci n\u00famero 1 visita el club i dina al restaurant Sotavent<\/a><\/p><\/header><div class=\"eael-entry-content\">\n                        <div class=\"eael-grid-post-excerpt\"><p>103 anys d\u2019edat i 89 de soci del Club Nataci\u00f3 Badalona contemplen a en Joaquim Puig Prats. Extraordinari, veritat? Doncs justament...<\/p><\/div>\n                    <\/div><\/div><\/div>\n        <\/div>\n    <\/article><article class=\"eael-grid-post  eael-post-grid-column eael-pg-post-27625 category-comunicats-secretaria-es-noticies-es-noticies-portada-es-socials-es\" data-id=\"27625\">\n        <div class=\"eael-grid-post-holder\">\n            <div class=\"eael-grid-post-holder-inner\"><div class=\"eael-entry-media\"><div class=\"eael-entry-overlay fade-in\"><i class=\"far fa-arrow-alt-circle-right\" aria-hidden=\"true\"><\/i><a href=\"https:\/\/cnbadalona.cat\/es\/2025\/09\/30\/el-club-aposta-per-la-sostenibilitat-amb-plaques-fotovoltaiques\/\"><\/a><\/div><div class=\"eael-entry-thumbnail eael-image-ratio\">\n                <img loading=\"lazy\" decoding=\"async\" width=\"1024\" height=\"768\" src=\"https:\/\/cnbadalona.cat\/wp-content\/uploads\/2024\/12\/CNB-plaques-fotovoltaiques-7-1024x768.jpg\" class=\"attachment-large size-large wp-image-25623\" alt=\"\" srcset=\"https:\/\/cnbadalona.cat\/wp-content\/uploads\/2024\/12\/CNB-plaques-fotovoltaiques-7-1024x768.jpg 1024w, https:\/\/cnbadalona.cat\/wp-content\/uploads\/2024\/12\/CNB-plaques-fotovoltaiques-7-300x225.jpg 300w, https:\/\/cnbadalona.cat\/wp-content\/uploads\/2024\/12\/CNB-plaques-fotovoltaiques-7-768x576.jpg 768w, https:\/\/cnbadalona.cat\/wp-content\/uploads\/2024\/12\/CNB-plaques-fotovoltaiques-7.jpg 1500w\" sizes=\"(max-width: 1024px) 100vw, 1024px\" \/>\n            <\/div>\n        <\/div><div class=\"eael-entry-wrapper\"><header class=\"eael-entry-header\"><p class=\"eael-entry-title\"><a class=\"eael-grid-post-link\" href=\"https:\/\/cnbadalona.cat\/es\/2025\/09\/30\/el-club-aposta-per-la-sostenibilitat-amb-plaques-fotovoltaiques\/\" title=\"El Club aposta per la sostenibilitat amb plaques fotovoltaiques\">El Club aposta per la sostenibilitat amb plaques fotovoltaiques<\/a><\/p><\/header><div class=\"eael-entry-content\">\n                        <div class=\"eael-grid-post-excerpt\"><p>La setmana del 16 al 20 de desembre de 2024, es va acabar la primera fase de la instal\u00b7laci\u00f3 de les...<\/p><\/div>\n                    <\/div><\/div><\/div>\n        <\/div>\n    <\/article><article class=\"eael-grid-post  eael-post-grid-column eael-pg-post-27477 category-actes-esportius-es-aigues-obertes-es-aquatlo-es-curses-es-entrenaments-dirigits-aigues-obertes-es-serveis-esport-es-natacio-es-noticies-es-noticies-portada-es\" data-id=\"27477\">\n        <div class=\"eael-grid-post-holder\">\n            <div class=\"eael-grid-post-holder-inner\"><div class=\"eael-entry-media\"><div class=\"eael-entry-overlay fade-in\"><i class=\"far fa-arrow-alt-circle-right\" aria-hidden=\"true\"><\/i><a href=\"https:\/\/cnbadalona.cat\/es\/2025\/09\/17\/74a-travessia-badalona-nedant\/\"><\/a><\/div><div class=\"eael-entry-thumbnail eael-image-ratio\">\n                <img loading=\"lazy\" decoding=\"async\" width=\"1024\" height=\"1024\" src=\"https:\/\/cnbadalona.cat\/wp-content\/uploads\/2025\/06\/web-Travessia-2025-1024x1024.jpg\" class=\"attachment-large size-large wp-image-26978\" alt=\"\" srcset=\"https:\/\/cnbadalona.cat\/wp-content\/uploads\/2025\/06\/web-Travessia-2025-1024x1024.jpg 1024w, https:\/\/cnbadalona.cat\/wp-content\/uploads\/2025\/06\/web-Travessia-2025-300x300.jpg 300w, https:\/\/cnbadalona.cat\/wp-content\/uploads\/2025\/06\/web-Travessia-2025-150x150.jpg 150w, https:\/\/cnbadalona.cat\/wp-content\/uploads\/2025\/06\/web-Travessia-2025-768x768.jpg 768w, https:\/\/cnbadalona.cat\/wp-content\/uploads\/2025\/06\/web-Travessia-2025.jpg 1080w\" sizes=\"(max-width: 1024px) 100vw, 1024px\" \/>\n            <\/div>\n        <\/div><div class=\"eael-entry-wrapper\"><header class=\"eael-entry-header\"><p class=\"eael-entry-title\"><a class=\"eael-grid-post-link\" href=\"https:\/\/cnbadalona.cat\/es\/2025\/09\/17\/74a-travessia-badalona-nedant\/\" title=\"74a TRAVESSIA BADALONA NEDANT\">74a TRAVESSIA BADALONA NEDANT<\/a><\/p><\/header><div class=\"eael-entry-content\">\n                        <div class=\"eael-grid-post-excerpt\"><p>El passat Diumenge 20 de juliol es va celebrar la 74a Travessia Badalona Nedant amb un \u00e8xit rotund La 74a edici\u00f3...<\/p><\/div>\n                    <\/div><\/div><\/div>\n        <\/div>\n    <\/article><article class=\"eael-grid-post  eael-post-grid-column eael-pg-post-27316 category-serveis-activitats-es-esdeveniments-es-noticies-es-noticies-portada-es-socials-es\" data-id=\"27316\">\n        <div class=\"eael-grid-post-holder\">\n            <div class=\"eael-grid-post-holder-inner\"><div class=\"eael-entry-media\"><div class=\"eael-entry-overlay fade-in\"><i class=\"far fa-arrow-alt-circle-right\" aria-hidden=\"true\"><\/i><a href=\"https:\/\/cnbadalona.cat\/es\/2025\/07\/16\/festa-infantil-juliol-2025\/\"><\/a><\/div><div class=\"eael-entry-thumbnail eael-image-ratio\">\n                <img loading=\"lazy\" decoding=\"async\" width=\"1000\" height=\"753\" src=\"https:\/\/cnbadalona.cat\/wp-content\/uploads\/2025\/07\/FEsta-Infantil-CNB-2025-7.jpg\" class=\"attachment-large size-large wp-image-27165\" alt=\"\" srcset=\"https:\/\/cnbadalona.cat\/wp-content\/uploads\/2025\/07\/FEsta-Infantil-CNB-2025-7.jpg 1000w, https:\/\/cnbadalona.cat\/wp-content\/uploads\/2025\/07\/FEsta-Infantil-CNB-2025-7-300x226.jpg 300w, https:\/\/cnbadalona.cat\/wp-content\/uploads\/2025\/07\/FEsta-Infantil-CNB-2025-7-768x578.jpg 768w\" sizes=\"(max-width: 1000px) 100vw, 1000px\" \/>\n            <\/div>\n        <\/div><div class=\"eael-entry-wrapper\"><header class=\"eael-entry-header\"><p class=\"eael-entry-title\"><a class=\"eael-grid-post-link\" href=\"https:\/\/cnbadalona.cat\/es\/2025\/07\/16\/festa-infantil-juliol-2025\/\" title=\"Festa Infantil Juliol-2025\">Festa Infantil Juliol-2025<\/a><\/p><\/header><div class=\"eael-entry-content\">\n                        <div class=\"eael-grid-post-excerpt\"><p>Un altre cop un gran \u00e8xit de la festa infantil celebrada el passat dissabte 5 de juliol. Una gran festa amb...<\/p><\/div>\n                    <\/div><\/div><\/div>\n        <\/div>\n    <\/article><article class=\"eael-grid-post  eael-post-grid-column eael-pg-post-27314 category-serveis-activitats-es-noticies-es-noticies-portada-es-socials-es\" data-id=\"27314\">\n        <div class=\"eael-grid-post-holder\">\n            <div class=\"eael-grid-post-holder-inner\"><div class=\"eael-entry-media\"><div class=\"eael-entry-overlay fade-in\"><i class=\"far fa-arrow-alt-circle-right\" aria-hidden=\"true\"><\/i><a href=\"https:\/\/cnbadalona.cat\/es\/2025\/07\/16\/curset-natacio-iniciacio-per-a-socis\/\"><\/a><\/div><div class=\"eael-entry-thumbnail eael-image-ratio\">\n                <img loading=\"lazy\" decoding=\"async\" width=\"818\" height=\"1024\" src=\"https:\/\/cnbadalona.cat\/wp-content\/uploads\/2025\/07\/curset-nens-2025-4-818x1024.jpg\" class=\"attachment-large size-large wp-image-27143\" alt=\"\" srcset=\"https:\/\/cnbadalona.cat\/wp-content\/uploads\/2025\/07\/curset-nens-2025-4-818x1024.jpg 818w, https:\/\/cnbadalona.cat\/wp-content\/uploads\/2025\/07\/curset-nens-2025-4-240x300.jpg 240w, https:\/\/cnbadalona.cat\/wp-content\/uploads\/2025\/07\/curset-nens-2025-4-768x961.jpg 768w, https:\/\/cnbadalona.cat\/wp-content\/uploads\/2025\/07\/curset-nens-2025-4.jpg 900w\" sizes=\"(max-width: 818px) 100vw, 818px\" \/>\n            <\/div>\n        <\/div><div class=\"eael-entry-wrapper\"><header class=\"eael-entry-header\"><p class=\"eael-entry-title\"><a class=\"eael-grid-post-link\" href=\"https:\/\/cnbadalona.cat\/es\/2025\/07\/16\/curset-natacio-iniciacio-per-a-socis\/\" title=\"Curset nataci\u00f3 iniciaci\u00f3 per a socis\">Curset nataci\u00f3 iniciaci\u00f3 per a socis<\/a><\/p><\/header><div class=\"eael-entry-content\">\n                        <div class=\"eael-grid-post-excerpt\"><p>Un altre \u00e8xit per els nostres futurs nedadors\/esCURSET DE NATACI\u00d3 PER A SOCISPer a nens i nenes nascuts entre el 2017...<\/p><\/div>\n                    <\/div><\/div><\/div>\n        <\/div>\n    <\/article><\/div>\n            <div class=\"clearfix\"><\/div>\n        <\/div>            <div class=\"eael-load-more-button-wrap\">\n                <button class=\"eael-load-more-button\" id=\"eael-load-more-btn-f4521fd\" data-widget-id=\"f4521fd\" data-widget=\"f4521fd\" data-page-id=\"26334\" data-template=\"{&quot;dir&quot;:&quot;lite&quot;,&quot;file_name&quot;:&quot;one.php&quot;,&quot;name&quot;:&quot;Post-Grid&quot;}\" data-class=\"Essential_Addons_Elementor\\Elements\\Post_Grid\" data-layout=\"grid\" data-page=\"1\" data-args=\"orderby=date&amp;order=desc&amp;ignore_sticky_posts=1&amp;post_status=publish&amp;posts_per_page=12&amp;offset=0&amp;post_type=post\" data-max-page=\"3\">\n                    <span class=\"eael-btn-loader button__loader\"><\/span>\n                    <span class=\"eael_load_more_text\">Veure m\u00e8s<\/span>\n                <\/button>\n            <\/div>\n            \t\t\t\t<\/div>\n\t\t\t\t<\/div>\n\t\t\t\t\t<\/div>\n\t\t<\/div>\n\t\t\t\t<div class=\"elementor-column elementor-col-50 elementor-top-column elementor-element elementor-element-35916d4\" data-id=\"35916d4\" data-element_type=\"column\" data-e-type=\"column\">\n\t\t\t<div class=\"elementor-widget-wrap elementor-element-populated\">\n\t\t\t\t\t\t<div class=\"elementor-element elementor-element-7206231 elementor-widget elementor-widget-eael-advanced-search\" data-id=\"7206231\" data-element_type=\"widget\" data-e-type=\"widget\" data-widget_type=\"eael-advanced-search.default\">\n\t\t\t\t<div class=\"elementor-widget-container\">\n\t\t\t\t\t        <div class=\"eael-adv-search-wrapper\">\n            <div id=\"eael-advanced-search-widget-7206231\" class=\"eael-advanced-search-widget\">\n                <form data-settings=\"{&quot;post_per_page&quot;:&quot;5&quot;,&quot;search_among_taxonomies&quot;:&quot;no&quot;,&quot;search_among_sku&quot;:&quot;no&quot;,&quot;show_popular_keyword&quot;:0,&quot;show_category&quot;:0,&quot;show_content_image&quot;:0,&quot;show_search_result_all_results&quot;:0,&quot;result_on_new_tab&quot;:&quot;no&quot;,&quot;show_product_price&quot;:&quot;&quot;,&quot;include_current_page&quot;:&quot;no&quot;,&quot;current_post_id&quot;:27314,&quot;post_type&quot;:[&quot;post&quot;]}\" method=\"POST\" name=\"eael-advanced-search-form-7206231\" class=\"eael-advanced-search-form eael-advanced-search-form-style-1\">\n                    <div class=\"eael-advanced-search-wrap\">\n                        <span class=\"eael-adv-search-loader\"><\/span>\n                        <span class=\"eael-adv-search-close\"><i class=\"fas fa-times\"><\/i><\/span>\n                        <span class=\"icon \"><i class=\"fas fa-search\"><\/i><\/span>\n\n                        <input type=\"text\"\n                               placeholder=\"Cercar\"\n                               class=\"eael-advanced-search\" autocomplete=\"off\" name=\"eael_advanced_search\">\n                    <\/div>\n\t\t\t\t\t                                    <\/form>\n\n\t\t\t\t\n\t\t\t\t        <div class=\"eael-advanced-search-result\">\n            <div class=\"eael-advanced-search-popular-keyword\">\n\t\t\t\t<h4 class=\"eael-advanced-search-popular-keyword-text\">Cerques populars<\/h4>                <div class=\"eael-popular-keyword-content\"><\/div>\n            <\/div>\n            <div class=\"eael-advanced-search-category\">\n\t\t\t\t<h4 class=\"eael-advanced-search-category-text\">Categories<\/h4>                <div class=\"eael-popular-category-content\"><\/div>\n            <\/div>\n\t\t\t<div class=\"eael-advanced-search-total-results-section\">\n\t\t\t\t\t\t\t<\/div>\n            <div class=\"eael-advanced-search-content eael-item-style-1\">\n            <\/div>\n            <div class=\"eael-advanced-search-not-found\">\n                <p>No s&#039;ha trobat cap publicaci\u00f3<\/p><\/div>\n            <div class=\"eael-advanced-search-load-more\">\n\t\t\t\t<a \tclass=\"eael-advanced-search-load-more-button\"\n                \thref=\"#\">Veure tots els resultats<\/a>\n            <\/div>\n        <\/div>\n\n\t\t            <\/div>\n        <\/div>\n\n\t\t\t\t\t\t<\/div>\n\t\t\t\t<\/div>\n\t\t\t\t<div class=\"elementor-element elementor-element-9ecb492 treure-punts elementor-widget elementor-widget-wp-widget-categories\" data-id=\"9ecb492\" data-element_type=\"widget\" data-e-type=\"widget\" data-widget_type=\"wp-widget-categories.default\">\n\t\t\t\t<div class=\"elementor-widget-container\">\n\t\t\t\t\t<h5>\u200e<\/h5><nav aria-label=\"\u200e\">\n\t\t\t<ul>\n\t\t\t\t\t<li class=\"cat-item cat-item-66\"><a href=\"https:\/\/cnbadalona.cat\/es\/category\/actes-esportius-es\/\">Actes Esportius<\/a>\n<\/li>\n\t<li class=\"cat-item cat-item-61\"><a href=\"https:\/\/cnbadalona.cat\/es\/category\/serveis-activitats-es\/\">Activitats<\/a>\n<\/li>\n\t<li class=\"cat-item cat-item-77\"><a href=\"https:\/\/cnbadalona.cat\/es\/category\/aigues-obertes-es\/\">Aig\u00fces Obertes<\/a>\n<\/li>\n\t<li class=\"cat-item cat-item-78\"><a href=\"https:\/\/cnbadalona.cat\/es\/category\/aquatlo-es\/\">Aquatl\u00f3<\/a>\n<\/li>\n\t<li class=\"cat-item cat-item-80\"><a href=\"https:\/\/cnbadalona.cat\/es\/category\/comunicats-secretaria-es\/\">Comunicats Secretaria<\/a>\n<\/li>\n\t<li class=\"cat-item cat-item-67\"><a href=\"https:\/\/cnbadalona.cat\/es\/category\/curses-es\/\">Curses<\/a>\n<\/li>\n\t<li class=\"cat-item cat-item-68\"><a href=\"https:\/\/cnbadalona.cat\/es\/category\/entrenaments-dirigits-aigues-obertes-es\/\">Entrenaments Dirigits Aig\u00fces Obertes<\/a>\n<\/li>\n\t<li class=\"cat-item cat-item-74\"><a href=\"https:\/\/cnbadalona.cat\/es\/category\/escola-de-vela-es\/\">Escola de Vela<\/a>\n<\/li>\n\t<li class=\"cat-item cat-item-62\"><a href=\"https:\/\/cnbadalona.cat\/es\/category\/esdeveniments-es\/\">Esdeveniments<\/a>\n<\/li>\n\t<li class=\"cat-item cat-item-69\"><a href=\"https:\/\/cnbadalona.cat\/es\/category\/serveis-esport-es\/\">Esport<\/a>\n<\/li>\n\t<li class=\"cat-item cat-item-73\"><a href=\"https:\/\/cnbadalona.cat\/es\/category\/fitness-es\/\">Fitness<\/a>\n<\/li>\n\t<li class=\"cat-item cat-item-70\"><a href=\"https:\/\/cnbadalona.cat\/es\/category\/masters-natacio-es\/\">Masters Nataci\u00f3<\/a>\n<\/li>\n\t<li class=\"cat-item cat-item-71\"><a href=\"https:\/\/cnbadalona.cat\/es\/category\/natacio-es\/\">Nataci\u00f3<\/a>\n<\/li>\n\t<li class=\"cat-item cat-item-63\"><a href=\"https:\/\/cnbadalona.cat\/es\/category\/noticies-es\/\">Not\u00edcies<\/a>\n<\/li>\n\t<li class=\"cat-item cat-item-64\"><a href=\"https:\/\/cnbadalona.cat\/es\/category\/noticies-portada-es\/\">Not\u00edcies portada<\/a>\n<\/li>\n\t<li class=\"cat-item cat-item-75\"><a href=\"https:\/\/cnbadalona.cat\/es\/category\/pati-de-vela-es\/\">Pat\u00ed de Vela<\/a>\n<\/li>\n\t<li class=\"cat-item cat-item-76\"><a href=\"https:\/\/cnbadalona.cat\/es\/category\/pati-de-vela-junior-es\/\">Pat\u00ed de Vela J\u00fanior<\/a>\n<\/li>\n\t<li class=\"cat-item cat-item-1\"><a href=\"https:\/\/cnbadalona.cat\/es\/category\/sin-categorizar\/\">Sin categorizar<\/a>\n<\/li>\n\t<li class=\"cat-item cat-item-65\"><a href=\"https:\/\/cnbadalona.cat\/es\/category\/socials-es\/\">Socials<\/a>\n<\/li>\n\t<li class=\"cat-item cat-item-79\"><a href=\"https:\/\/cnbadalona.cat\/es\/category\/surf-es\/\">Surf &#8211; Windsurf<\/a>\n<\/li>\n\t<li class=\"cat-item cat-item-72\"><a href=\"https:\/\/cnbadalona.cat\/es\/category\/travessia-es\/\">Travessia<\/a>\n<\/li>\n\t\t\t<\/ul>\n\n\t\t\t<\/nav>\t\t\t\t<\/div>\n\t\t\t\t<\/div>\n\t\t\t\t\t<\/div>\n\t\t<\/div>\n\t\t\t\t\t<\/div>\n\t\t<\/section>\n\t\t\t\t<\/div>\n\t\t","protected":false},"excerpt":{"rendered":"<p>CNBadalona Noticias CARNESTOLTES AL CLUB! FESTA INFANTIL Una concorreguda &nbsp;i animada festa de nens, nenes i fam\u00edlies va tenir lloc el passat divendres dia 28 de&#8230; Nit d\u2019Emblemes i emocions L\u2019estima al nostre Club, compartida i mantinguda al llarg de 50 anys es celebr\u00e0 i compart\u00ed com cal en l\u2019acte del&#8230; Mini de Sant Esteve [&hellip;]<\/p>\n","protected":false},"author":2,"featured_media":0,"parent":0,"menu_order":0,"comment_status":"closed","ping_status":"closed","template":"","meta":{"_eb_attr":"","site-sidebar-layout":"no-sidebar","site-content-layout":"","ast-site-content-layout":"full-width-container","site-content-style":"default","site-sidebar-style":"default","ast-global-header-display":"","ast-banner-title-visibility":"","ast-main-header-display":"","ast-hfb-above-header-display":"","ast-hfb-below-header-display":"","ast-hfb-mobile-header-display":"","site-post-title":"disabled","ast-breadcrumbs-content":"","ast-featured-img":"disabled","footer-sml-layout":"","ast-disable-related-posts":"","theme-transparent-header-meta":"","adv-header-id-meta":"","stick-header-meta":"","header-above-stick-meta":"","header-main-stick-meta":"","header-below-stick-meta":"","astra-migrate-meta-layouts":"default","ast-page-background-enabled":"default","ast-page-background-meta":{"desktop":{"background-color":"var(--ast-global-color-4)","background-image":"","background-repeat":"repeat","background-position":"center center","background-size":"auto","background-attachment":"scroll","background-type":"","background-media":"","overlay-type":"","overlay-color":"","overlay-opacity":"","overlay-gradient":""},"tablet":{"background-color":"","background-image":"","background-repeat":"repeat","background-position":"center center","background-size":"auto","background-attachment":"scroll","background-type":"","background-media":"","overlay-type":"","overlay-color":"","overlay-opacity":"","overlay-gradient":""},"mobile":{"background-color":"","background-image":"","background-repeat":"repeat","background-position":"center center","background-size":"auto","background-attachment":"scroll","background-type":"","background-media":"","overlay-type":"","overlay-color":"","overlay-opacity":"","overlay-gradient":""}},"ast-content-background-meta":{"desktop":{"background-color":"var(--ast-global-color-5)","background-image":"","background-repeat":"repeat","background-position":"center center","background-size":"auto","background-attachment":"scroll","background-type":"","background-media":"","overlay-type":"","overlay-color":"","overlay-opacity":"","overlay-gradient":""},"tablet":{"background-color":"var(--ast-global-color-5)","background-image":"","background-repeat":"repeat","background-position":"center center","background-size":"auto","background-attachment":"scroll","background-type":"","background-media":"","overlay-type":"","overlay-color":"","overlay-opacity":"","overlay-gradient":""},"mobile":{"background-color":"var(--ast-global-color-5)","background-image":"","background-repeat":"repeat","background-position":"center center","background-size":"auto","background-attachment":"scroll","background-type":"","background-media":"","overlay-type":"","overlay-color":"","overlay-opacity":"","overlay-gradient":""}},"footnotes":""},"class_list":["post-26334","page","type-page","status-publish","hentry"],"yoast_head":"<!-- This site is optimized with the Yoast SEO plugin v27.0 - https:\/\/yoast.com\/product\/yoast-seo-wordpress\/ -->\n<title>Noticias - Club Nataci\u00f3 de Badalona<\/title>\n<meta name=\"robots\" content=\"index, follow, max-snippet:-1, max-image-preview:large, max-video-preview:-1\" \/>\n<link rel=\"canonical\" href=\"https:\/\/cnbadalona.cat\/es\/noticias\/\" \/>\n<meta property=\"og:locale\" content=\"es_ES\" \/>\n<meta property=\"og:type\" content=\"article\" \/>\n<meta property=\"og:title\" content=\"Noticias - Club Nataci\u00f3 de Badalona\" \/>\n<meta property=\"og:description\" content=\"CNBadalona Noticias CARNESTOLTES AL CLUB! FESTA INFANTIL Una concorreguda &nbsp;i animada festa de nens, nenes i fam\u00edlies va tenir lloc el passat divendres dia 28 de&#8230; Nit d\u2019Emblemes i emocions L\u2019estima al nostre Club, compartida i mantinguda al llarg de 50 anys es celebr\u00e0 i compart\u00ed com cal en l\u2019acte del&#8230; Mini de Sant Esteve [&hellip;]\" \/>\n<meta property=\"og:url\" content=\"https:\/\/cnbadalona.cat\/es\/noticias\/\" \/>\n<meta property=\"og:site_name\" content=\"Club Nataci\u00f3 de Badalona\" \/>\n<meta property=\"article:modified_time\" content=\"2025-03-27T12:45:25+00:00\" \/>\n<meta property=\"og:image\" content=\"https:\/\/cnbadalona.cat\/wp-content\/uploads\/2025\/03\/carnestoltes-CNB-1-1024x771.jpg\" \/>\n<meta name=\"twitter:card\" content=\"summary_large_image\" \/>\n<meta name=\"twitter:label1\" content=\"Tiempo de lectura\" \/>\n\t<meta name=\"twitter:data1\" content=\"2 minutos\" \/>\n<script type=\"application\/ld+json\" class=\"yoast-schema-graph\">{\"@context\":\"https:\/\/schema.org\",\"@graph\":[{\"@type\":\"WebPage\",\"@id\":\"https:\/\/cnbadalona.cat\/es\/noticias\/\",\"url\":\"https:\/\/cnbadalona.cat\/es\/noticias\/\",\"name\":\"Noticias - Club Nataci\u00f3 de Badalona\",\"isPartOf\":{\"@id\":\"https:\/\/cnbadalona.cat\/#website\"},\"primaryImageOfPage\":{\"@id\":\"https:\/\/cnbadalona.cat\/es\/noticias\/#primaryimage\"},\"image\":{\"@id\":\"https:\/\/cnbadalona.cat\/es\/noticias\/#primaryimage\"},\"thumbnailUrl\":\"https:\/\/cnbadalona.cat\/wp-content\/uploads\/2025\/03\/carnestoltes-CNB-1-1024x771.jpg\",\"datePublished\":\"2024-03-27T19:01:44+00:00\",\"dateModified\":\"2025-03-27T12:45:25+00:00\",\"breadcrumb\":{\"@id\":\"https:\/\/cnbadalona.cat\/es\/noticias\/#breadcrumb\"},\"inLanguage\":\"es\",\"potentialAction\":[{\"@type\":\"ReadAction\",\"target\":[\"https:\/\/cnbadalona.cat\/es\/noticias\/\"]}]},{\"@type\":\"ImageObject\",\"inLanguage\":\"es\",\"@id\":\"https:\/\/cnbadalona.cat\/es\/noticias\/#primaryimage\",\"url\":\"https:\/\/cnbadalona.cat\/wp-content\/uploads\/2025\/03\/carnestoltes-CNB-1-1024x771.jpg\",\"contentUrl\":\"https:\/\/cnbadalona.cat\/wp-content\/uploads\/2025\/03\/carnestoltes-CNB-1-1024x771.jpg\"},{\"@type\":\"BreadcrumbList\",\"@id\":\"https:\/\/cnbadalona.cat\/es\/noticias\/#breadcrumb\",\"itemListElement\":[{\"@type\":\"ListItem\",\"position\":1,\"name\":\"Inici\",\"item\":\"https:\/\/cnbadalona.cat\/\"},{\"@type\":\"ListItem\",\"position\":2,\"name\":\"Noticias\"}]},{\"@type\":\"WebSite\",\"@id\":\"https:\/\/cnbadalona.cat\/#website\",\"url\":\"https:\/\/cnbadalona.cat\/\",\"name\":\"Club Nataci\u00f3 de Badalona\",\"description\":\"\",\"publisher\":{\"@id\":\"https:\/\/cnbadalona.cat\/#organization\"},\"potentialAction\":[{\"@type\":\"SearchAction\",\"target\":{\"@type\":\"EntryPoint\",\"urlTemplate\":\"https:\/\/cnbadalona.cat\/?s={search_term_string}\"},\"query-input\":{\"@type\":\"PropertyValueSpecification\",\"valueRequired\":true,\"valueName\":\"search_term_string\"}}],\"inLanguage\":\"es\"},{\"@type\":\"Organization\",\"@id\":\"https:\/\/cnbadalona.cat\/#organization\",\"name\":\"Club Nataci\u00f3 de Badalona\",\"url\":\"https:\/\/cnbadalona.cat\/\",\"logo\":{\"@type\":\"ImageObject\",\"inLanguage\":\"es\",\"@id\":\"https:\/\/cnbadalona.cat\/#\/schema\/logo\/image\/\",\"url\":\"https:\/\/cnbadalona.cat\/wp-content\/uploads\/2023\/11\/cropped-Logo-CNB.png\",\"contentUrl\":\"https:\/\/cnbadalona.cat\/wp-content\/uploads\/2023\/11\/cropped-Logo-CNB.png\",\"width\":500,\"height\":167,\"caption\":\"Club Nataci\u00f3 de Badalona\"},\"image\":{\"@id\":\"https:\/\/cnbadalona.cat\/#\/schema\/logo\/image\/\"}}]}<\/script>\n<!-- \/ Yoast SEO plugin. -->","yoast_head_json":{"title":"Noticias - Club Nataci\u00f3 de Badalona","robots":{"index":"index","follow":"follow","max-snippet":"max-snippet:-1","max-image-preview":"max-image-preview:large","max-video-preview":"max-video-preview:-1"},"canonical":"https:\/\/cnbadalona.cat\/es\/noticias\/","og_locale":"es_ES","og_type":"article","og_title":"Noticias - Club Nataci\u00f3 de Badalona","og_description":"CNBadalona Noticias CARNESTOLTES AL CLUB! FESTA INFANTIL Una concorreguda &nbsp;i animada festa de nens, nenes i fam\u00edlies va tenir lloc el passat divendres dia 28 de&#8230; Nit d\u2019Emblemes i emocions L\u2019estima al nostre Club, compartida i mantinguda al llarg de 50 anys es celebr\u00e0 i compart\u00ed com cal en l\u2019acte del&#8230; Mini de Sant Esteve [&hellip;]","og_url":"https:\/\/cnbadalona.cat\/es\/noticias\/","og_site_name":"Club Nataci\u00f3 de Badalona","article_modified_time":"2025-03-27T12:45:25+00:00","og_image":[{"url":"https:\/\/cnbadalona.cat\/wp-content\/uploads\/2025\/03\/carnestoltes-CNB-1-1024x771.jpg","type":"","width":"","height":""}],"twitter_card":"summary_large_image","twitter_misc":{"Tiempo de lectura":"2 minutos"},"schema":{"@context":"https:\/\/schema.org","@graph":[{"@type":"WebPage","@id":"https:\/\/cnbadalona.cat\/es\/noticias\/","url":"https:\/\/cnbadalona.cat\/es\/noticias\/","name":"Noticias - Club Nataci\u00f3 de Badalona","isPartOf":{"@id":"https:\/\/cnbadalona.cat\/#website"},"primaryImageOfPage":{"@id":"https:\/\/cnbadalona.cat\/es\/noticias\/#primaryimage"},"image":{"@id":"https:\/\/cnbadalona.cat\/es\/noticias\/#primaryimage"},"thumbnailUrl":"https:\/\/cnbadalona.cat\/wp-content\/uploads\/2025\/03\/carnestoltes-CNB-1-1024x771.jpg","datePublished":"2024-03-27T19:01:44+00:00","dateModified":"2025-03-27T12:45:25+00:00","breadcrumb":{"@id":"https:\/\/cnbadalona.cat\/es\/noticias\/#breadcrumb"},"inLanguage":"es","potentialAction":[{"@type":"ReadAction","target":["https:\/\/cnbadalona.cat\/es\/noticias\/"]}]},{"@type":"ImageObject","inLanguage":"es","@id":"https:\/\/cnbadalona.cat\/es\/noticias\/#primaryimage","url":"https:\/\/cnbadalona.cat\/wp-content\/uploads\/2025\/03\/carnestoltes-CNB-1-1024x771.jpg","contentUrl":"https:\/\/cnbadalona.cat\/wp-content\/uploads\/2025\/03\/carnestoltes-CNB-1-1024x771.jpg"},{"@type":"BreadcrumbList","@id":"https:\/\/cnbadalona.cat\/es\/noticias\/#breadcrumb","itemListElement":[{"@type":"ListItem","position":1,"name":"Inici","item":"https:\/\/cnbadalona.cat\/"},{"@type":"ListItem","position":2,"name":"Noticias"}]},{"@type":"WebSite","@id":"https:\/\/cnbadalona.cat\/#website","url":"https:\/\/cnbadalona.cat\/","name":"Club Nataci\u00f3 de Badalona","description":"","publisher":{"@id":"https:\/\/cnbadalona.cat\/#organization"},"potentialAction":[{"@type":"SearchAction","target":{"@type":"EntryPoint","urlTemplate":"https:\/\/cnbadalona.cat\/?s={search_term_string}"},"query-input":{"@type":"PropertyValueSpecification","valueRequired":true,"valueName":"search_term_string"}}],"inLanguage":"es"},{"@type":"Organization","@id":"https:\/\/cnbadalona.cat\/#organization","name":"Club Nataci\u00f3 de Badalona","url":"https:\/\/cnbadalona.cat\/","logo":{"@type":"ImageObject","inLanguage":"es","@id":"https:\/\/cnbadalona.cat\/#\/schema\/logo\/image\/","url":"https:\/\/cnbadalona.cat\/wp-content\/uploads\/2023\/11\/cropped-Logo-CNB.png","contentUrl":"https:\/\/cnbadalona.cat\/wp-content\/uploads\/2023\/11\/cropped-Logo-CNB.png","width":500,"height":167,"caption":"Club Nataci\u00f3 de Badalona"},"image":{"@id":"https:\/\/cnbadalona.cat\/#\/schema\/logo\/image\/"}}]}},"_links":{"self":[{"href":"https:\/\/cnbadalona.cat\/es\/wp-json\/wp\/v2\/pages\/26334","targetHints":{"allow":["GET"]}}],"collection":[{"href":"https:\/\/cnbadalona.cat\/es\/wp-json\/wp\/v2\/pages"}],"about":[{"href":"https:\/\/cnbadalona.cat\/es\/wp-json\/wp\/v2\/types\/page"}],"author":[{"embeddable":true,"href":"https:\/\/cnbadalona.cat\/es\/wp-json\/wp\/v2\/users\/2"}],"replies":[{"embeddable":true,"href":"https:\/\/cnbadalona.cat\/es\/wp-json\/wp\/v2\/comments?post=26334"}],"version-history":[{"count":3,"href":"https:\/\/cnbadalona.cat\/es\/wp-json\/wp\/v2\/pages\/26334\/revisions"}],"predecessor-version":[{"id":26340,"href":"https:\/\/cnbadalona.cat\/es\/wp-json\/wp\/v2\/pages\/26334\/revisions\/26340"}],"wp:attachment":[{"href":"https:\/\/cnbadalona.cat\/es\/wp-json\/wp\/v2\/media?parent=26334"}],"curies":[{"name":"wp","href":"https:\/\/api.w.org\/{rel}","templated":true}]}}